{"id":1422,"date":"2019-10-08T10:25:31","date_gmt":"2019-10-08T10:25:31","guid":{"rendered":"https:\/\/milonga-a-promotora.pt\/wpp\/?page_id=1422"},"modified":"2026-01-20T11:03:20","modified_gmt":"2026-01-20T11:03:20","slug":"1422-2","status":"publish","type":"page","link":"https:\/\/milonga-a-promotora.pt\/wpp\/1422-2\/","title":{"rendered":"As Aulas"},"content":{"rendered":"\n\n\t<h1>As Aulas<\/h1>\n\t\t\t\t<img decoding=\"async\" src=\"https:\/\/milonga-a-promotora.pt\/wpp\/wp-content\/uploads\/2023\/09\/Aulas-IFICT-6.jpg\" alt=\"Aulas-IFICT-6\" itemprop=\"image\" height=\"2000\" width=\"1414\" title=\"Aulas-IFICT-6\" onerror=\"this.style.display='none'\" loading=\"lazy\" \/>\n<h2><strong>6\u00aa feira na Promotora<\/strong><\/h2>\n<p>Aulas regulares de Tango Argentino pela Associa\u00e7\u00e3o Promotora de Tango Social (Teresa e Silencio), em parceria com a <a href=\"http:\/\/www.milongadalua.com\/\">Lua Tango<\/a>, com foco na musicalidade e no abra\u00e7o bem fechado, procurando a conex\u00e3o completa entre os dois elementos do par e a explora\u00e7\u00e3o e partilha m\u00fatua de todas as sensa\u00e7\u00f5es experimentadas durante o baile e da m\u00fasica.<\/p>\n<p>Acreditamos que, em contexto de baile social (Milonga), se deve dan\u00e7ar com e para o par, sem nunca esquecer os outros pares na ronda, deixando de lado elementos que apenas fazem sentido nos palcos ou em exibi\u00e7\u00f5es.<\/p>\n<p>Inscri\u00e7\u00f5es e mais informa\u00e7\u00f5es por contacto direto com a Associa\u00e7\u00e3o Promotora de Tango Social ou em <a href=\"https:\/\/www.spepup.com\/c%C3%B3pia-palestras-de-tango-2024-1\">www.spepup.com<\/a><\/p>\n<p>Link direto para\u00a0<a href=\"https:\/\/www.spepup.com\/ficha-de-inscri%C3%A7%C3%A3o\">Inscri\u00e7\u00f5es<\/a><\/p>\n<p>&nbsp;<\/p>\n<p>&nbsp;<\/p>\n<p><img decoding=\"async\" src=\"http:\/\/www.milonga-a-promotora.pt\/old\/pt\/wpimages\/wpe7af3e83_06.png\" alt=\"\" \/><\/p>\n\n\t\t\t\t<img decoding=\"async\" src=\"https:\/\/milonga-a-promotora.pt\/wpp\/wp-content\/uploads\/2026\/01\/Tango-SPEP-UP-11.jpg\" alt=\"Tango SPEP-UP (11)\" itemprop=\"image\" height=\"2000\" width=\"1414\" title=\"Tango SPEP-UP (11)\" onerror=\"this.style.display='none'\" loading=\"lazy\" \/>\n<h2><strong>Trimestre de janeiro<\/strong><\/h2>\n<h2><strong>a mar\u00e7o de 2026<\/strong><\/h2>\n<p>Estas s\u00e3o as datas das aulas para este trimestre.<\/p>\n<p>Uma vez por m\u00eas a aula \u00e9 substitu\u00edda por uma pr\u00e1tica orientada, com corre\u00e7\u00f5es individuais para os alunos. Um momento onde podem receber feedback sobre o seu progresso e sugest\u00f5es de trabalho personalizadas para continuar a evoluir.<\/p>\n<p>Antes de cada aula, os alunos s\u00e3o convidados a chegar mais cedo e praticar livremente.<\/p>\n<p>\u200b\u200b<\/p>\n<p>&nbsp;<\/p>\n<p><img decoding=\"async\" src=\"http:\/\/www.milonga-a-promotora.pt\/old\/pt\/wpimages\/wpe7af3e83_06.png\" alt=\"\" \/><\/p>\n\n\t\t\t\t<a href=\"https:\/\/inttangoargentino.wixsite.com\/info\"  target=\"_self\" itemprop=\"url\">\n\t\t\t\t<img decoding=\"async\" src=\"https:\/\/milonga-a-promotora.pt\/wpp\/wp-content\/uploads\/2026\/01\/Saboreando-Tangos-6.jpg\" alt=\"Saboreando Tangos (6)\" itemprop=\"image\" height=\"2245\" width=\"1587\" title=\"Saboreando Tangos (6)\" onerror=\"this.style.display='none'\" loading=\"lazy\" \/>\n\t\t\t\t<\/a>\n\t<h2>Saboreando Tangos &#8211; Vozes Milongueiras Femininas<\/h2>\n<p>Saboreando Tangos \u00e9 um ciclo de eventos tem\u00e1ticos dedicados \u00e0 difus\u00e3o da hist\u00f3ria e cultura do Tango Argentino.<\/p>\n<p>Nesta segunda edi\u00e7\u00e3o, aproveitamos o Dia da Mulher e abordamos o papel das vozes femininas do Tango, com foco nos tangos dan\u00e7\u00e1veis, enquadrando-os na hist\u00f3ria do Tango.<\/p>\n<p>N\u00e3o \u00e9 uma pr\u00e1tica, nem um aula de baile ou de hist\u00f3ria, mas sim um momento de conv\u00edvio e partilha, onde poderemos escutar ou dan\u00e7ar temas selecionados, organizados em mini-tandas antecedidas de pequenos coment\u00e1rios sobre a sua import\u00e2ncia e contexto hist\u00f3rico.<\/p>\n<p>Uma oportunidade para criar mem\u00f3rias e experi\u00eancias para que seja mais f\u00e1cil aprender e compreender o que ouvimos nas milongas.<\/p>\n<p>Entrada: 10\u20ac\/ pessoa<\/p>\n<p>Inscri\u00e7\u00f5es e mais informa\u00e7\u00f5es por contacto direto com a Associa\u00e7\u00e3o Promotora de Tango Social ou em <a href=\"https:\/\/www.spepup.com\/c%C3%B3pia-palestras-de-tango-2024-1\">www.spepup.com<\/a><\/p>\n<p>Link direto para\u00a0<a href=\"https:\/\/www.spepup.com\/ficha-de-inscri%C3%A7%C3%A3o\">Inscri\u00e7\u00f5es<\/a><\/p>\n\t\t\t\t<img decoding=\"async\" src=\"https:\/\/milonga-a-promotora.pt\/wpp\/wp-content\/uploads\/2025\/09\/Lavocah-2026-1.jpg\" alt=\"Lavocah 2026 (1)\" itemprop=\"image\" height=\"2245\" width=\"1587\" title=\"Lavocah 2026 (1)\" onerror=\"this.style.display='none'\" loading=\"lazy\" \/>\n\t<h2><strong>Palestras de Tango com Michael Lavocah<\/strong><\/h2>\n<h3>Carlos di Sarli e Charlo<\/h3>\n<p>Dois dias e duas palestras com Michael Lavocah, o autor da s\u00e9rie de livros Tango Masters e Tango Stories.<\/p>\n<p>Venham conhece-lo e aprender com ele sobre a orquestra de Carlos di Sarli e sobre o cantor Charlo.<\/p>\n<p>Duas palestras que enriquecem o nosso conhecimento e entendimento do que escutamos e dan\u00e7amos nas milongas.<\/p>\n<p>\u200bAs palestras ser\u00e3o dadas em Ingl\u00eas<\/p>\n<ul>\n<li>1 palestra: 15\u20ac<\/li>\n<li>2 palestras: 25\u20ac<\/li>\n<\/ul>\n<p>Inscri\u00e7\u00f5es e mais informa\u00e7\u00f5es por contacto direto com a Associa\u00e7\u00e3o Promotora de Tango Social ou em <a href=\"https:\/\/www.spepup.com\/c%C3%B3pia-palestras-de-tango-2024-1\">www.spepup.com<\/a><\/p>\n<p>Link direto para\u00a0<a href=\"https:\/\/www.spepup.com\/ficha-de-inscri%C3%A7%C3%A3o\">Inscri\u00e7\u00f5es<\/a><\/p>\n\n","protected":false},"excerpt":{"rendered":"<div class=\"entry-summary\">\n<div class=\"entry-summary\">\nAs Aulas 6\u00aa feira na Promotora Aulas regulares de Tango Argentino pela&hellip;\n<\/div>\n<div class=\"link-more\"><a href=\"https:\/\/milonga-a-promotora.pt\/wpp\/1422-2\/\" class=\"more-link\">Continue reading<span class=\"screen-reader-text\"> &ldquo;As Aulas&rdquo;<\/span>&hellip;<\/a><\/div>\n<\/div>\n<div class=\"link-more\"><a href=\"https:\/\/milonga-a-promotora.pt\/wpp\/1422-2\/\" class=\"more-link\">Continue reading<span class=\"screen-reader-text\"> &ldquo;As Aulas&rdquo;<\/span>&hellip;<\/a><\/div>\n","protected":false},"author":1,"featured_media":0,"parent":0,"menu_order":0,"comment_status":"closed","ping_status":"closed","template":"page-template\/_fullwidth.php","meta":{"_acf_changed":false,"footnotes":""},"class_list":["post-1422","page","type-page","status-publish","hentry","entry"],"acf":[],"_links":{"self":[{"href":"https:\/\/milonga-a-promotora.pt\/wpp\/wp-json\/wp\/v2\/pages\/1422","targetHints":{"allow":["GET"]}}],"collection":[{"href":"https:\/\/milonga-a-promotora.pt\/wpp\/wp-json\/wp\/v2\/pages"}],"about":[{"href":"https:\/\/milonga-a-promotora.pt\/wpp\/wp-json\/wp\/v2\/types\/page"}],"author":[{"embeddable":true,"href":"https:\/\/milonga-a-promotora.pt\/wpp\/wp-json\/wp\/v2\/users\/1"}],"replies":[{"embeddable":true,"href":"https:\/\/milonga-a-promotora.pt\/wpp\/wp-json\/wp\/v2\/comments?post=1422"}],"version-history":[{"count":44,"href":"https:\/\/milonga-a-promotora.pt\/wpp\/wp-json\/wp\/v2\/pages\/1422\/revisions"}],"predecessor-version":[{"id":1940,"href":"https:\/\/milonga-a-promotora.pt\/wpp\/wp-json\/wp\/v2\/pages\/1422\/revisions\/1940"}],"wp:attachment":[{"href":"https:\/\/milonga-a-promotora.pt\/wpp\/wp-json\/wp\/v2\/media?parent=1422"}],"curies":[{"name":"wp","href":"https:\/\/api.w.org\/{rel}","templated":true}]}}